{"id":29044,"date":"2023-11-29T08:51:25","date_gmt":"2023-11-29T07:51:25","guid":{"rendered":"https:\/\/chalet-bambi.ch\/wohnung\/"},"modified":"2023-12-21T09:34:43","modified_gmt":"2023-12-21T08:34:43","slug":"wohnung","status":"publish","type":"page","link":"https:\/\/chalet-bambi.ch\/de\/wohnung\/","title":{"rendered":"Wohnungen"},"content":{"rendered":"<p>[et_pb_section fb_built=&#8220;1&#8243; admin_label=&#8220;Header&#8220; _builder_version=&#8220;4.23&#8243; use_background_color_gradient=&#8220;on&#8220; background_color_gradient_type=&#8220;circular&#8220; background_color_gradient_direction_radial=&#8220;top left&#8220; background_color_gradient_stops=&#8220;rgba(255,255,255,0.89) 0%|rgba(255,255,255,0) 40%&#8220; background_color_gradient_overlays_image=&#8220;on&#8220; background_color_gradient_start=&#8220;rgba(255,255,255,0.89)&#8220; background_color_gradient_start_position=&#8220;30%&#8220; background_color_gradient_end=&#8220;rgba(255,255,255,0)&#8220; background_color_gradient_end_position=&#8220;80%&#8220; background_image=&#8220;https:\/\/chalet-bambi.ch\/wp-content\/uploads\/2023\/11\/page.jpeg&#8220; custom_padding=&#8220;8vw|0px|0|0px|false|false&#8220; global_colors_info=&#8220;{}&#8220;][et_pb_row _builder_version=&#8220;4.16&#8243; global_colors_info=&#8220;{}&#8220;][et_pb_column type=&#8220;4_4&#8243; _builder_version=&#8220;4.16&#8243; custom_padding=&#8220;|||&#8220; global_colors_info=&#8220;{}&#8220; custom_padding__hover=&#8220;|||&#8220;][et_pb_text _builder_version=&#8220;4.23&#8243; text_font=&#8220;||||||||&#8220; header_font=&#8220;Raleway|700|||||||&#8220; header_font_size=&#8220;80px&#8220; header_line_height=&#8220;1.2em&#8220; header_5_font=&#8220;Raleway|700||on|||||&#8220; header_5_text_color=&#8220;#000000&#8243; header_5_font_size=&#8220;20px&#8220; header_5_letter_spacing=&#8220;0.5em&#8220; header_5_line_height=&#8220;1.8em&#8220; animation_style=&#8220;zoom&#8220; animation_intensity_zoom=&#8220;5%&#8220; header_font_size_tablet=&#8220;48px&#8220; header_font_size_phone=&#8220;32px&#8220; header_font_size_last_edited=&#8220;on|phone&#8220; header_5_font_size_tablet=&#8220;14px&#8220; header_5_font_size_phone=&#8220;12px&#8220; header_5_font_size_last_edited=&#8220;on|desktop&#8220; global_colors_info=&#8220;{}&#8220;]<\/p>\n<h5>Vermietung<\/h5>\n<h1>Wohnungen<\/h1>\n<p>[\/et_pb_text][\/et_pb_column][\/et_pb_row][et_pb_row column_structure=&#8220;1_4,1_4,1_4,1_4&#8243; use_custom_gutter=&#8220;on&#8220; make_equal=&#8220;on&#8220; custom_padding_last_edited=&#8220;on|desktop&#8220; _builder_version=&#8220;4.16&#8243; background_color=&#8220;#ffffff&#8220; width=&#8220;90%&#8220; max_width=&#8220;90%&#8220; module_alignment=&#8220;left&#8220; custom_margin=&#8220;12vw||||false&#8220; custom_padding=&#8220;0|0px|0px|15vw|false|false&#8220; custom_padding_tablet=&#8220;|||10vw&#8220; custom_padding_phone=&#8220;&#8220; animation_style=&#8220;slide&#8220; animation_direction=&#8220;left&#8220; animation_intensity_slide=&#8220;5%&#8220; use_custom_width=&#8220;on&#8220; width_unit=&#8220;off&#8220; custom_width_percent=&#8220;90%&#8220; locked=&#8220;off&#8220; global_colors_info=&#8220;{}&#8220;][et_pb_column type=&#8220;1_4&#8243; _builder_version=&#8220;4.16&#8243; custom_padding=&#8220;74px|||&#8220; custom_padding_tablet=&#8220;40px|||&#8220; custom_padding_phone=&#8220;20px|||&#8220; custom_padding_last_edited=&#8220;off|desktop&#8220; global_colors_info=&#8220;{}&#8220; padding_phone=&#8220;20px|||&#8220; padding_tablet=&#8220;40px|||&#8220; padding_last_edited=&#8220;off|desktop&#8220; custom_padding__hover=&#8220;|||&#8220;][et_pb_blurb title=&#8220;Saas-Fee&#8220; use_icon=&#8220;on&#8220; font_icon=&#8220;&#xe081;||divi||400&#8243; icon_color=&#8220;#c3cfd6&#8243; icon_placement=&#8220;left&#8220; image_icon_width=&#8220;24px&#8220; _builder_version=&#8220;4.23&#8243; header_level=&#8220;h5&#8243; header_font=&#8220;Raleway|700|||||||&#8220; header_line_height=&#8220;1.4em&#8220; icon_font_size=&#8220;24px&#8220; global_colors_info=&#8220;{}&#8220;][\/et_pb_blurb][\/et_pb_column][et_pb_column type=&#8220;1_4&#8243; _builder_version=&#8220;4.16&#8243; custom_padding=&#8220;74px|||&#8220; custom_padding_tablet=&#8220;40px|||&#8220; custom_padding_phone=&#8220;20px|||&#8220; custom_padding_last_edited=&#8220;off|desktop&#8220; global_colors_info=&#8220;{}&#8220; padding_phone=&#8220;20px|||&#8220; padding_tablet=&#8220;40px|||&#8220; padding_last_edited=&#8220;off|desktop&#8220; custom_padding__hover=&#8220;|||&#8220;][et_pb_blurb title=&#8220;4 1\/2-Zimmer-Wohnungen von 90 m2&#8243; use_icon=&#8220;on&#8220; font_icon=&#8220;&#xe074;||divi||400&#8243; icon_color=&#8220;#c3cfd6&#8243; icon_placement=&#8220;left&#8220; image_icon_width=&#8220;24px&#8220; _builder_version=&#8220;4.23&#8243; header_level=&#8220;h5&#8243; header_font=&#8220;Raleway|700|||||||&#8220; header_line_height=&#8220;1.4em&#8220; icon_font_size=&#8220;24px&#8220; global_colors_info=&#8220;{}&#8220;][\/et_pb_blurb][\/et_pb_column][et_pb_column type=&#8220;1_4&#8243; _builder_version=&#8220;4.16&#8243; custom_padding=&#8220;74px|||&#8220; custom_padding_tablet=&#8220;40px|||&#8220; custom_padding_phone=&#8220;20px|||&#8220; custom_padding_last_edited=&#8220;off|desktop&#8220; global_colors_info=&#8220;{}&#8220; padding_phone=&#8220;20px|||&#8220; padding_tablet=&#8220;40px|||&#8220; padding_last_edited=&#8220;off|desktop&#8220; custom_padding__hover=&#8220;|||&#8220;][et_pb_blurb title=&#8220;Kostenloses Wifi-Internet&#8220; use_icon=&#8220;on&#8220; font_icon=&#8220;&#xf1eb;||fa||900&#8243; icon_color=&#8220;#c3cfd6&#8243; icon_placement=&#8220;left&#8220; image_icon_width=&#8220;24px&#8220; _builder_version=&#8220;4.23&#8243; header_level=&#8220;h5&#8243; header_font=&#8220;Raleway|700|||||||&#8220; header_line_height=&#8220;1.4em&#8220; icon_font_size=&#8220;24px&#8220; global_colors_info=&#8220;{}&#8220;][\/et_pb_blurb][\/et_pb_column][et_pb_column type=&#8220;1_4&#8243; _builder_version=&#8220;4.16&#8243; background_color=&#8220;#b2b9c4&#8243; custom_padding=&#8220;|||&#8220; custom_padding_tablet=&#8220;20px||20px||true&#8220; custom_padding_last_edited=&#8220;off|desktop&#8220; global_colors_info=&#8220;{}&#8220; padding_tablet=&#8220;20px||20px||true&#8220; padding_last_edited=&#8220;off|desktop&#8220; custom_padding__hover=&#8220;|||&#8220;][et_pb_button button_url=&#8220;@ET-DC@eyJkeW5hbWljIjp0cnVlLCJjb250ZW50IjoicG9zdF9saW5rX3VybF9wYWdlIiwic2V0dGluZ3MiOnsicG9zdF9pZCI6IjI4OTEzIn19@&#8220; button_text=&#8220;Kontakt&#8220; button_alignment=&#8220;center&#8220; _builder_version=&#8220;4.23&#8243; _dynamic_attributes=&#8220;button_url&#8220; custom_button=&#8220;on&#8220; button_text_color=&#8220;#ffffff&#8220; button_bg_color=&#8220;#b2b9c4&#8243; button_border_width=&#8220;10px&#8220; button_border_color=&#8220;rgba(0,0,0,0)&#8220; button_border_radius=&#8220;0px&#8220; button_font=&#8220;Raleway|700|||||||&#8220; custom_padding=&#8220;60px||60px||true&#8220; button_border_radius_hover=&#8220;0px&#8220; global_colors_info=&#8220;{}&#8220; button_text_size__hover_enabled=&#8220;off&#8220; button_one_text_size__hover_enabled=&#8220;off&#8220; button_two_text_size__hover_enabled=&#8220;off&#8220; button_text_color__hover_enabled=&#8220;off&#8220; button_one_text_color__hover_enabled=&#8220;off&#8220; button_two_text_color__hover_enabled=&#8220;off&#8220; button_border_width__hover_enabled=&#8220;off&#8220; button_one_border_width__hover_enabled=&#8220;off&#8220; button_two_border_width__hover_enabled=&#8220;off&#8220; button_border_color__hover_enabled=&#8220;off&#8220; button_one_border_color__hover_enabled=&#8220;off&#8220; button_two_border_color__hover_enabled=&#8220;off&#8220; button_border_radius__hover_enabled=&#8220;on&#8220; button_border_radius__hover=&#8220;0px&#8220; button_one_border_radius__hover_enabled=&#8220;off&#8220; button_two_border_radius__hover_enabled=&#8220;off&#8220; button_letter_spacing__hover_enabled=&#8220;off&#8220; button_one_letter_spacing__hover_enabled=&#8220;off&#8220; button_two_letter_spacing__hover_enabled=&#8220;off&#8220; button_bg_color__hover_enabled=&#8220;off&#8220; button_one_bg_color__hover_enabled=&#8220;off&#8220; button_two_bg_color__hover_enabled=&#8220;off&#8220;][\/et_pb_button][\/et_pb_column][\/et_pb_row][\/et_pb_section][et_pb_section fb_built=&#8220;1&#8243; admin_label=&#8220;Room Details&#8220; _builder_version=&#8220;4.16&#8243; global_colors_info=&#8220;{}&#8220;][et_pb_row column_structure=&#8220;3_5,2_5&#8243; _builder_version=&#8220;4.16&#8243; global_colors_info=&#8220;{}&#8220;][et_pb_column type=&#8220;3_5&#8243; _builder_version=&#8220;4.16&#8243; custom_padding=&#8220;|||&#8220; global_colors_info=&#8220;{}&#8220; custom_padding__hover=&#8220;|||&#8220;][et_pb_text _builder_version=&#8220;4.23&#8243; text_font=&#8220;||||||||&#8220; text_font_size=&#8220;16px&#8220; text_line_height=&#8220;2em&#8220; header_font=&#8220;||||||||&#8220; header_2_font=&#8220;Raleway|700|||||||&#8220; header_2_font_size=&#8220;50px&#8220; header_2_line_height=&#8220;1.2em&#8220; header_6_font=&#8220;Raleway|700||on|||||&#8220; header_6_font_size=&#8220;16px&#8220; header_6_letter_spacing=&#8220;5px&#8220; header_6_line_height=&#8220;1.2em&#8220; max_width=&#8220;718px&#8220; max_width_last_edited=&#8220;off|desktop&#8220; hover_enabled=&#8220;0&#8243; header_2_font_size_tablet=&#8220;35px&#8220; header_2_font_size_phone=&#8220;25px&#8220; header_2_font_size_last_edited=&#8220;on|phone&#8220; global_colors_info=&#8220;{}&#8220; sticky_enabled=&#8220;0&#8243;]<\/p>\n<p>Wir bieten Ihnen zur Miete 2 4 1\/2-Zimmer-Wohnungen von 90 m2 im 1. und 2. Stock<\/p>\n<p><strong>Ausstattung:<\/strong><\/p>\n<ul>\n<li>Gro\u00dfes Wohnzimmer mit Fernseher, DVD, kostenlosem Wifi-Internetanschluss<\/li>\n<li>2 Zweibettzimmer, inklusive Bettw\u00e4sche<\/li>\n<li>1 Zimmer mit einem gro\u00dfen Bett, inklusive Bettw\u00e4sche<\/li>\n<li>Badezimmer und Toilette, inklusive Badet\u00fccher<\/li>\n<li>Gro\u00dfe K\u00fcche mit einem gro\u00dfen Tisch f\u00fcr 6 Personen, Wasserkocher, Mikrowelle, Kaffeemaschine, Ger\u00e4t f\u00fcr Charbonnade und Raclette<\/li>\n<li>Gro\u00dfer S\u00fcd- und Ostbalkon mit sch\u00f6nem Blick auf unsere Berge<\/li>\n<\/ul>\n<p>[\/et_pb_text][et_pb_text _builder_version=&#8220;4.23&#8243; header_4_font=&#8220;Raleway|700|||||||&#8220; header_4_font_size=&#8220;20px&#8220; header_4_line_height=&#8220;1.4em&#8220; global_colors_info=&#8220;{}&#8220;]<\/p>\n<p><strong>Tarifs<\/strong><\/p>\n<table border=\"0\" id=\"table\">\n<tbody>\n<tr>\n<td style=\"width: 50%;\" valign=\"top\">07.01.2024 &#8211; 26.01.2024<\/td>\n<td style=\"width: 50%;\" valign=\"top\">CHF 200.&#8211; \/par nuit\/pro Nacht<\/td>\n<\/tr>\n<tr>\n<td style=\"width: 50%;\" valign=\"top\">27.01.2024 &#8211; 08.03.2024<\/td>\n<td style=\"width: 50%;\" valign=\"top\">CHF 230.&#8211; \/par nuit\/pro Nacht<\/td>\n<\/tr>\n<tr>\n<td style=\"width: 50%;\" valign=\"top\">09.03.2024 &#8211; 22.03.2024<\/td>\n<td style=\"width: 50%;\" valign=\"top\">CHF 200.&#8211; \/par nuit\/pro Nacht<\/td>\n<\/tr>\n<tr>\n<td style=\"width: 50%;\" valign=\"top\">23.03.2024 &#8211; 05.04.2024<\/td>\n<td style=\"width: 50%;\" valign=\"top\">CHF 230.&#8211; \/par nuit\/pro Nacht<\/td>\n<\/tr>\n<tr>\n<td style=\"width: 50%;\" valign=\"top\">06.04.2024 &#8211; 21.04.2024<\/td>\n<td style=\"width: 50%;\" valign=\"top\">CHF 180.&#8211; \/par nuit\/pro Nacht<\/td>\n<\/tr>\n<tr>\n<td style=\"width: 50%;\" valign=\"top\">22.04.2024 &#8211; 31.05.2024<\/td>\n<td style=\"width: 50%;\" valign=\"top\">CHF 150.&#8211; \/par nuit\/pro Nacht<\/td>\n<\/tr>\n<tr>\n<td style=\"width: 50%;\" valign=\"top\">01.06.2024 &#8211; 20.11.2024<\/td>\n<td style=\"width: 50%;\" valign=\"top\">CHF 180.&#8211; \/par nuit\/pro Nacht<\/td>\n<\/tr>\n<tr>\n<td style=\"width: 50%;\" valign=\"top\">21.10.2024 &#8211; 29.11.2024<\/td>\n<td style=\"width: 50%;\" valign=\"top\">CHF 150.&#8211; \/par nuit\/pro Nacht<\/td>\n<\/tr>\n<tr>\n<td style=\"width: 50%;\" valign=\"top\">30.11.2024 &#8211; 20.12.2024<\/td>\n<td style=\"width: 50%;\" valign=\"top\">CHF 200.&#8211; \/par nuit\/pro Nacht<\/td>\n<\/tr>\n<tr>\n<td style=\"width: 50%;\" valign=\"top\">21.12.2024 &#8211; 05.01.2025<\/td>\n<td style=\"width: 50%;\" valign=\"top\">CHF 230.&#8211; \/par nuit\/pro Nacht<\/td>\n<\/tr>\n<\/tbody>\n<\/table>\n<p>[\/et_pb_text][\/et_pb_column][et_pb_column type=&#8220;2_5&#8243; _builder_version=&#8220;4.16&#8243; custom_padding=&#8220;|||&#8220; global_colors_info=&#8220;{}&#8220; custom_padding__hover=&#8220;|||&#8220;][et_pb_text _builder_version=&#8220;4.23&#8243; _module_preset=&#8220;default&#8220; global_colors_info=&#8220;{}&#8220;]<\/p>\n<p><strong>SaastalCard<\/strong><\/p>\n<p>Im Sommer sind im Tal der Bus und die Einrichtungen kostenlos.<\/p>\n<p>[\/et_pb_text][\/et_pb_column][\/et_pb_row][et_pb_row _builder_version=&#8220;4.23&#8243; _module_preset=&#8220;default&#8220; global_colors_info=&#8220;{}&#8220;][et_pb_column type=&#8220;4_4&#8243; _builder_version=&#8220;4.23&#8243; _module_preset=&#8220;default&#8220; global_colors_info=&#8220;{}&#8220;][et_pb_code _builder_version=&#8220;4.23&#8243; _module_preset=&#8220;default&#8220; global_colors_info=&#8220;{}&#8220;]<script>     window.dw = window.dw || function () { (dw.q = dw.q || []).push(arguments) };     dw(      'settings',      '72ec9826-6811-4cef-8366-d3811e067e07',      {       \"context\": {        \"serviceIds\": ['297f9758-874a-443d-a28a-b57d99eb949f','09942a58-2aaa-47ff-857c-51d2f5ae498e'],        \"productIds\": [],        \"packageIds\": []       },       \"lang\": 'de'      }     );    <\/script>    <script async src=\"https:\/\/web5.deskline.net\/start\/ACCOSAAS\/72ec9826-6811-4cef-8366-d3811e067e07\/index.js\"><\/script>[\/et_pb_code][\/et_pb_column][\/et_pb_row][\/et_pb_section]<\/p>\n","protected":false},"excerpt":{"rendered":"<p>Vermietung WohnungenWir bieten Ihnen zur Miete 2 4 1\/2-Zimmer-Wohnungen von 90 m2 im 1. und 2. Stock Ausstattung: Gro\u00dfes Wohnzimmer mit Fernseher, DVD, kostenlosem Wifi-Internetanschluss 2 Zweibettzimmer, inklusive Bettw\u00e4sche 1 Zimmer mit einem gro\u00dfen Bett, inklusive Bettw\u00e4sche Badezimmer und Toilette, inklusive Badet\u00fccher Gro\u00dfe K\u00fcche mit einem gro\u00dfen Tisch f\u00fcr 6 Personen, Wasserkocher, Mikrowelle, Kaffeemaschine, Ger\u00e4t [&hellip;]<\/p>\n","protected":false},"author":1,"featured_media":0,"parent":0,"menu_order":0,"comment_status":"closed","ping_status":"closed","template":"","meta":{"_et_pb_use_builder":"on","_et_pb_old_content":"","_et_gb_content_width":"","footnotes":""},"class_list":["post-29044","page","type-page","status-publish","hentry"],"_links":{"self":[{"href":"https:\/\/chalet-bambi.ch\/de\/wp-json\/wp\/v2\/pages\/29044","targetHints":{"allow":["GET"]}}],"collection":[{"href":"https:\/\/chalet-bambi.ch\/de\/wp-json\/wp\/v2\/pages"}],"about":[{"href":"https:\/\/chalet-bambi.ch\/de\/wp-json\/wp\/v2\/types\/page"}],"author":[{"embeddable":true,"href":"https:\/\/chalet-bambi.ch\/de\/wp-json\/wp\/v2\/users\/1"}],"replies":[{"embeddable":true,"href":"https:\/\/chalet-bambi.ch\/de\/wp-json\/wp\/v2\/comments?post=29044"}],"version-history":[{"count":25,"href":"https:\/\/chalet-bambi.ch\/de\/wp-json\/wp\/v2\/pages\/29044\/revisions"}],"predecessor-version":[{"id":29254,"href":"https:\/\/chalet-bambi.ch\/de\/wp-json\/wp\/v2\/pages\/29044\/revisions\/29254"}],"wp:attachment":[{"href":"https:\/\/chalet-bambi.ch\/de\/wp-json\/wp\/v2\/media?parent=29044"}],"curies":[{"name":"wp","href":"https:\/\/api.w.org\/{rel}","templated":true}]}}